{"id":71,"date":"2017-10-02T15:14:10","date_gmt":"2017-10-02T14:14:10","guid":{"rendered":"http:\/\/mel.yellowcox.fr\/?page_id=71"},"modified":"2025-12-18T15:09:53","modified_gmt":"2025-12-18T14:09:53","slug":"theatre-tablee-heures-paniques-electronica-pop","status":"publish","type":"page","link":"http:\/\/melaniegerber.fr\/index.php\/theatre-tablee-heures-paniques-electronica-pop\/","title":{"rendered":"Th\u00e9\u00e2tre"},"content":{"rendered":"\n\n\n<h2 class=\"wp-block-heading\">Cr\u00e9ations sonores pour le spectacle vivant.<\/h2>\n\n\n\n<p><strong>Une Rose plus Rouge avec le <a href=\"https:\/\/libeskikollektiv.wordpress.com\/une-rose-plus-rouge\/\">Libeski Kollectiv<\/a><\/strong>, cr\u00e9ation 2025.<\/p>\n\n\n\n<figure class=\"wp-block-embed is-type-video is-provider-youtube wp-block-embed-youtube wp-embed-aspect-16-9 wp-has-aspect-ratio\"><div class=\"wp-block-embed__wrapper\">\n<iframe loading=\"lazy\" title=\"Teaser d&#039;Une rose plus rouge\" width=\"790\" height=\"444\" src=\"https:\/\/www.youtube.com\/embed\/OkilSNLMNiA?feature=oembed\" frameborder=\"0\" allow=\"accelerometer; autoplay; clipboard-write; encrypted-media; gyroscope; picture-in-picture; web-share\" referrerpolicy=\"strict-origin-when-cross-origin\" allowfullscreen><\/iframe>\n<\/div><\/figure>\n\n\n\n<hr class=\"wp-block-separator has-alpha-channel-opacity\"\/>\n\n\n\n<p><strong>Cr\u00e9ation musicale pour le spectacle \u00ab\u00a0Ne quittez pas s&rsquo;il vous pla\u00eet\u00a0\u00bb avec la <a href=\"https:\/\/www.heures-paniques.fr\/%C3%A0-l-%C3%A9coute-titre-provisoire\">Cie les Heures Paniques<\/a>. 2022<\/strong><\/p>\n\n\n\n<figure class=\"wp-block-image\"><a href=\"https:\/\/www.heures-paniques.fr\/%C3%A0-l-%C3%A9coute-titre-provisoire\"><img loading=\"lazy\" decoding=\"async\" width=\"1182\" height=\"788\" src=\"http:\/\/melaniegerber.fr\/wp-content\/uploads\/2025\/05\/ca5fed_c0b5f4a0fe9d40b0abdfcb76847f47damv2.webp\" alt=\"\" class=\"wp-image-355\" srcset=\"http:\/\/melaniegerber.fr\/wp-content\/uploads\/2025\/05\/ca5fed_c0b5f4a0fe9d40b0abdfcb76847f47damv2.webp 1182w, http:\/\/melaniegerber.fr\/wp-content\/uploads\/2025\/05\/ca5fed_c0b5f4a0fe9d40b0abdfcb76847f47damv2-300x200.webp 300w, http:\/\/melaniegerber.fr\/wp-content\/uploads\/2025\/05\/ca5fed_c0b5f4a0fe9d40b0abdfcb76847f47damv2-1024x683.webp 1024w, http:\/\/melaniegerber.fr\/wp-content\/uploads\/2025\/05\/ca5fed_c0b5f4a0fe9d40b0abdfcb76847f47damv2-768x512.webp 768w\" sizes=\"auto, (max-width: 1182px) 100vw, 1182px\" \/><\/a><\/figure>\n\n\n\n<hr class=\"wp-block-separator has-alpha-channel-opacity\"\/>\n\n\n\n<p><strong>Cr\u00e9ation musicale pour le spectacle \u00ab\u00a0La Tabl\u00e9e\u00a0\u00bb avec la <a href=\"https:\/\/www.heures-paniques.fr\/la-tablee\">Cie les Heures Paniques<\/a>. 2019-2020 <\/strong><\/p>\n\n\n\n<iframe loading=\"lazy\" width=\"100%\" height=\"166\" scrolling=\"no\" frameborder=\"no\" allow=\"autoplay\" src=\"https:\/\/w.soundcloud.com\/player\/?url=https%3A\/\/api.soundcloud.com\/tracks\/923151742&#038;color=%23ababa8&#038;auto_play=false&#038;hide_related=false&#038;show_comments=true&#038;show_user=true&#038;show_reposts=false&#038;show_teaser=true\"><\/iframe><div style=\"font-size: 10px; color: #cccccc;line-break: anywhere;word-break: normal;overflow: hidden;white-space: nowrap;text-overflow: ellipsis; font-family: Interstate,Lucida Grande,Lucida Sans Unicode,Lucida Sans,Garuda,Verdana,Tahoma,sans-serif;font-weight: 100;\"><a href=\"https:\/\/soundcloud.com\/lelafrite\" title=\"L\u00e9la Frite\" target=\"_blank\" style=\"color: #cccccc; text-decoration: none;\" rel=\"noopener\">L\u00e9la Frite<\/a> \u00b7 <a href=\"https:\/\/soundcloud.com\/lelafrite\/mashup-la-tablee-creation-2019\" title=\"Mashup La Tabl\u00e9e cr\u00e9ation 2019\" target=\"_blank\" style=\"color: #cccccc; text-decoration: none;\" rel=\"noopener\">Mashup La Tabl\u00e9e cr\u00e9ation 2019<\/a><\/div>\n\n\n\n<hr class=\"wp-block-separator has-alpha-channel-opacity\"\/>\n\n\n\n<p><strong>Cr\u00e9ation musicale pour la pi\u00e8ce \u00ab\u00a0Ton Beau Capitaine\u00a0\u00bb avec la  <a href=\"https:\/\/www.heures-paniques.fr\/ton-beau-capitaine\">Cie les Heures Paniques<\/a>.<\/strong><\/p>\n\n\n\n<figure class=\"wp-block-embed is-type-video is-provider-vimeo wp-block-embed-vimeo wp-embed-aspect-16-9 wp-has-aspect-ratio\"><div class=\"wp-block-embed__wrapper\">\n<iframe loading=\"lazy\" title=\"Bande-annonce du spectacle &quot;Ton beau Capitaine&quot;\" src=\"https:\/\/player.vimeo.com\/video\/232635901?dnt=1&amp;app_id=122963\" width=\"790\" height=\"444\" frameborder=\"0\" allow=\"autoplay; fullscreen; picture-in-picture; clipboard-write; encrypted-media; web-share\" referrerpolicy=\"strict-origin-when-cross-origin\"><\/iframe>\n<\/div><\/figure>\n\n\n\n<p>Bande-Annonce.<br>Film\u00e9e le 9 mars 2017 au TIL &#8211; Mancieulles (54)<br><em>https:\/\/www.heures-paniques.fr\/ton-beau-capitaine<\/em><\/p>\n\n\n\n<hr class=\"wp-block-separator has-alpha-channel-opacity\"\/>\n\n\n\n<p><strong>Cr\u00e9ation musicale pour le spectacle<\/strong><strong> \u00ab\u00a0Deuxi\u00e8me&nbsp;\u00e9tage au bout du Monde\u00a0\u00bb avec la Cie Les Heures Paniques.<\/strong><\/p>\n\n\n\n<figure class=\"wp-block-embed is-type-video is-provider-vimeo wp-block-embed-vimeo wp-embed-aspect-16-9 wp-has-aspect-ratio\"><div class=\"wp-block-embed__wrapper\">\n<iframe loading=\"lazy\" title=\"Deuxi\u00e8me \u00c9tage au bout du Monde\" src=\"https:\/\/player.vimeo.com\/video\/324852821?dnt=1&amp;app_id=122963\" width=\"790\" height=\"444\" frameborder=\"0\" allow=\"autoplay; fullscreen; picture-in-picture; clipboard-write; encrypted-media; web-share\" referrerpolicy=\"strict-origin-when-cross-origin\"><\/iframe>\n<\/div><\/figure>\n\n\n\n<p>Th\u00e9\u00e2tre en ext\u00e9rieur et mapping vid\u00e9o sur fa\u00e7ade.<br>Extraits du reportage France 3 \u00e0 propos du spectacle et photos.<\/p>\n\n\n\n<p>Un spectacle de la Cie Les Heures Paniques (Metz)<br>Texte et mise en sc\u00e8ne : Maud Galet Lalande<br>Cr\u00e9ation vid\u00e9o : Nicolas Helle<br>Cr\u00e9ation musicale et interpr\u00e9tation : M\u00e9lanie Gerber<br>Avec : Reda Brissel et Maud Galet Lalande.<\/p>\n\n\n\n<hr class=\"wp-block-separator has-alpha-channel-opacity\"\/>\n\n\n\n<p><strong>Cr\u00e9ation musicale pour l&rsquo;Hommage \u00e0 Jean-Marie Pelt, rendu \u00e0 l&rsquo;Arsenal \u00e0 Metz. Octobre 2016<\/strong><\/p>\n\n\n\n<p><iframe loading=\"lazy\" src=\"https:\/\/w.soundcloud.com\/player\/?url=https%3A\/\/api.soundcloud.com\/tracks\/345151839&amp;color=%23ff9900&amp;auto_play=false&amp;hide_related=false&amp;show_comments=true&amp;show_user=true&amp;show_reposts=false&amp;visual=true\" width=\"100%\" height=\"300\" frameborder=\"no\" scrolling=\"no\"><\/iframe><\/p>\n\n\n\n<hr class=\"wp-block-separator has-alpha-channel-opacity\"\/>\n\n\n\n<p><strong>Les Locataires avec la Cie les Heures Paniques.<\/strong><\/p>\n\n\n\n<p><iframe loading=\"lazy\" src=\"https:\/\/w.soundcloud.com\/player\/?url=https%3A\/\/api.soundcloud.com\/tracks\/62526869&amp;color=%23ff9900&amp;auto_play=false&amp;hide_related=false&amp;show_comments=true&amp;show_user=true&amp;show_reposts=false&amp;visual=true\" width=\"100%\" height=\"300\" frameborder=\"no\" scrolling=\"no\"><\/iframe><\/p>\n\n\n\n<hr class=\"wp-block-separator has-alpha-channel-opacity\"\/>\n\n\n\n<p><strong>Parasites avec la Cie Kalisto.<\/strong><\/p>\n\n\n\n<p><iframe loading=\"lazy\" src=\"https:\/\/w.soundcloud.com\/player\/?url=https%3A\/\/api.soundcloud.com\/playlists\/1478776&amp;color=%2300cc11&amp;auto_play=false&amp;hide_related=false&amp;show_comments=true&amp;show_user=true&amp;show_reposts=false&amp;visual=true\" width=\"100%\" height=\"450\" frameborder=\"no\" scrolling=\"no\"><\/iframe><\/p>\n\n\n\n<p><iframe loading=\"lazy\" title=\"Teaser &quot;Parasites&quot; Co-prod. Cie Kalisto \/ CDE de Colmar - Th\u00e9\u00e2tre\" frameborder=\"0\" width=\"790\" height=\"592\" src=\"https:\/\/geo.dailymotion.com\/player.html?video=xprykm&#038;\" allowfullscreen allow=\"autoplay; fullscreen; picture-in-picture; web-share\"><\/iframe><\/p>\n\n\n\n<figure class=\"wp-block-video\"><\/figure>\n\n\n\n<hr class=\"wp-block-separator has-alpha-channel-opacity\"\/>\n\n\n\n<p><strong>16m2<\/strong>, avec la <strong><a href=\"https:\/\/www.heures-paniques.fr\/%C3%A0-l-%C3%A9coute-titre-provisoire\">Cie les Heures Paniques<\/a><\/strong>.<\/p>\n\n\n\n<figure class=\"wp-block-embed is-type-video is-provider-vimeo wp-block-embed-vimeo\"><div class=\"wp-block-embed__wrapper\">\n<iframe loading=\"lazy\" title=\"Teaser 16 m2 Espace Gru\u0308n\" src=\"https:\/\/player.vimeo.com\/video\/152556399?dnt=1&amp;app_id=122963\" width=\"790\" height=\"447\" frameborder=\"0\" allow=\"autoplay; fullscreen; picture-in-picture; clipboard-write; encrypted-media; web-share\" referrerpolicy=\"strict-origin-when-cross-origin\"><\/iframe>\n<\/div><\/figure>\n","protected":false},"excerpt":{"rendered":"<p>Cr\u00e9ations sonores pour le spectacle vivant. Une Rose plus Rouge avec le Libeski Kollectiv, cr\u00e9ation 2025. Cr\u00e9ation musicale pour le spectacle \u00ab\u00a0Ne quittez pas s&rsquo;il vous pla\u00eet\u00a0\u00bb avec la Cie les Heures Paniques. 2022 Cr\u00e9ation musicale pour le spectacle \u00ab\u00a0La Tabl\u00e9e\u00a0\u00bb avec la Cie les Heures Paniques. 2019-2020 L\u00e9la Frite \u00b7 Mashup La Tabl\u00e9e cr\u00e9ation&hellip; <\/p>\n","protected":false},"author":1,"featured_media":126,"parent":0,"menu_order":0,"comment_status":"closed","ping_status":"closed","template":"","meta":{"footnotes":""},"class_list":["post-71","page","type-page","status-publish","has-post-thumbnail","hentry"],"yoast_head":"<!-- This site is optimized with the Yoast SEO plugin v20.8 - https:\/\/yoast.com\/wordpress\/plugins\/seo\/ -->\n<title>Th\u00e9\u00e2tre - M\u00e9lanie Gerber Compositrice<\/title>\n<meta name=\"robots\" content=\"index, follow, max-snippet:-1, max-image-preview:large, max-video-preview:-1\" \/>\n<link rel=\"canonical\" href=\"http:\/\/melaniegerber.fr\/index.php\/theatre-tablee-heures-paniques-electronica-pop\/\" \/>\n<meta property=\"og:locale\" content=\"fr_FR\" \/>\n<meta property=\"og:type\" content=\"article\" \/>\n<meta property=\"og:title\" content=\"Th\u00e9\u00e2tre - M\u00e9lanie Gerber Compositrice\" \/>\n<meta property=\"og:description\" content=\"Cr\u00e9ations sonores pour le spectacle vivant. Une Rose plus Rouge avec le Libeski Kollectiv, cr\u00e9ation 2025. Cr\u00e9ation musicale pour le spectacle \u00ab\u00a0Ne quittez pas s&rsquo;il vous pla\u00eet\u00a0\u00bb avec la Cie les Heures Paniques. 2022 Cr\u00e9ation musicale pour le spectacle \u00ab\u00a0La Tabl\u00e9e\u00a0\u00bb avec la Cie les Heures Paniques. 2019-2020 L\u00e9la Frite \u00b7 Mashup La Tabl\u00e9e cr\u00e9ation&hellip;\" \/>\n<meta property=\"og:url\" content=\"http:\/\/melaniegerber.fr\/index.php\/theatre-tablee-heures-paniques-electronica-pop\/\" \/>\n<meta property=\"og:site_name\" content=\"M\u00e9lanie Gerber\" \/>\n<meta property=\"article:publisher\" content=\"https:\/\/www.facebook.com\/lelafrite\/\" \/>\n<meta property=\"article:modified_time\" content=\"2025-12-18T14:09:53+00:00\" \/>\n<meta property=\"og:image\" content=\"http:\/\/melaniegerber.fr\/wp-content\/uploads\/2017\/10\/ca5fed_c524749366a546fdba84333c4633a043mv2_d_5474_3649_s_4_2.jpg\" \/>\n\t<meta property=\"og:image:width\" content=\"953\" \/>\n\t<meta property=\"og:image:height\" content=\"635\" \/>\n\t<meta property=\"og:image:type\" content=\"image\/jpeg\" \/>\n<meta name=\"twitter:card\" content=\"summary_large_image\" \/>\n<meta name=\"twitter:label1\" content=\"Dur\u00e9e de lecture estim\u00e9e\" \/>\n\t<meta name=\"twitter:data1\" content=\"2 minutes\" \/>\n<script type=\"application\/ld+json\" class=\"yoast-schema-graph\">{\"@context\":\"https:\/\/schema.org\",\"@graph\":[{\"@type\":\"WebPage\",\"@id\":\"http:\/\/melaniegerber.fr\/index.php\/theatre-tablee-heures-paniques-electronica-pop\/\",\"url\":\"http:\/\/melaniegerber.fr\/index.php\/theatre-tablee-heures-paniques-electronica-pop\/\",\"name\":\"Th\u00e9\u00e2tre - M\u00e9lanie Gerber Compositrice\",\"isPartOf\":{\"@id\":\"http:\/\/melaniegerber.fr\/#website\"},\"datePublished\":\"2017-10-02T14:14:10+00:00\",\"dateModified\":\"2025-12-18T14:09:53+00:00\",\"breadcrumb\":{\"@id\":\"http:\/\/melaniegerber.fr\/index.php\/theatre-tablee-heures-paniques-electronica-pop\/#breadcrumb\"},\"inLanguage\":\"fr-FR\",\"potentialAction\":[{\"@type\":\"ReadAction\",\"target\":[\"http:\/\/melaniegerber.fr\/index.php\/theatre-tablee-heures-paniques-electronica-pop\/\"]}]},{\"@type\":\"BreadcrumbList\",\"@id\":\"http:\/\/melaniegerber.fr\/index.php\/theatre-tablee-heures-paniques-electronica-pop\/#breadcrumb\",\"itemListElement\":[{\"@type\":\"ListItem\",\"position\":1,\"name\":\"Accueil\",\"item\":\"http:\/\/melaniegerber.fr\/\"},{\"@type\":\"ListItem\",\"position\":2,\"name\":\"Th\u00e9\u00e2tre\"}]},{\"@type\":\"WebSite\",\"@id\":\"http:\/\/melaniegerber.fr\/#website\",\"url\":\"http:\/\/melaniegerber.fr\/\",\"name\":\"M\u00e9lanie Gerber\",\"description\":\"auteure compositrice interpr\u00e8te\",\"potentialAction\":[{\"@type\":\"SearchAction\",\"target\":{\"@type\":\"EntryPoint\",\"urlTemplate\":\"http:\/\/melaniegerber.fr\/?s={search_term_string}\"},\"query-input\":\"required name=search_term_string\"}],\"inLanguage\":\"fr-FR\"}]}<\/script>\n<!-- \/ Yoast SEO plugin. -->","yoast_head_json":{"title":"Th\u00e9\u00e2tre - M\u00e9lanie Gerber Compositrice","robots":{"index":"index","follow":"follow","max-snippet":"max-snippet:-1","max-image-preview":"max-image-preview:large","max-video-preview":"max-video-preview:-1"},"canonical":"http:\/\/melaniegerber.fr\/index.php\/theatre-tablee-heures-paniques-electronica-pop\/","og_locale":"fr_FR","og_type":"article","og_title":"Th\u00e9\u00e2tre - M\u00e9lanie Gerber Compositrice","og_description":"Cr\u00e9ations sonores pour le spectacle vivant. Une Rose plus Rouge avec le Libeski Kollectiv, cr\u00e9ation 2025. Cr\u00e9ation musicale pour le spectacle \u00ab\u00a0Ne quittez pas s&rsquo;il vous pla\u00eet\u00a0\u00bb avec la Cie les Heures Paniques. 2022 Cr\u00e9ation musicale pour le spectacle \u00ab\u00a0La Tabl\u00e9e\u00a0\u00bb avec la Cie les Heures Paniques. 2019-2020 L\u00e9la Frite \u00b7 Mashup La Tabl\u00e9e cr\u00e9ation&hellip;","og_url":"http:\/\/melaniegerber.fr\/index.php\/theatre-tablee-heures-paniques-electronica-pop\/","og_site_name":"M\u00e9lanie Gerber","article_publisher":"https:\/\/www.facebook.com\/lelafrite\/","article_modified_time":"2025-12-18T14:09:53+00:00","og_image":[{"width":953,"height":635,"url":"http:\/\/melaniegerber.fr\/wp-content\/uploads\/2017\/10\/ca5fed_c524749366a546fdba84333c4633a043mv2_d_5474_3649_s_4_2.jpg","type":"image\/jpeg"}],"twitter_card":"summary_large_image","twitter_misc":{"Dur\u00e9e de lecture estim\u00e9e":"2 minutes"},"schema":{"@context":"https:\/\/schema.org","@graph":[{"@type":"WebPage","@id":"http:\/\/melaniegerber.fr\/index.php\/theatre-tablee-heures-paniques-electronica-pop\/","url":"http:\/\/melaniegerber.fr\/index.php\/theatre-tablee-heures-paniques-electronica-pop\/","name":"Th\u00e9\u00e2tre - M\u00e9lanie Gerber Compositrice","isPartOf":{"@id":"http:\/\/melaniegerber.fr\/#website"},"datePublished":"2017-10-02T14:14:10+00:00","dateModified":"2025-12-18T14:09:53+00:00","breadcrumb":{"@id":"http:\/\/melaniegerber.fr\/index.php\/theatre-tablee-heures-paniques-electronica-pop\/#breadcrumb"},"inLanguage":"fr-FR","potentialAction":[{"@type":"ReadAction","target":["http:\/\/melaniegerber.fr\/index.php\/theatre-tablee-heures-paniques-electronica-pop\/"]}]},{"@type":"BreadcrumbList","@id":"http:\/\/melaniegerber.fr\/index.php\/theatre-tablee-heures-paniques-electronica-pop\/#breadcrumb","itemListElement":[{"@type":"ListItem","position":1,"name":"Accueil","item":"http:\/\/melaniegerber.fr\/"},{"@type":"ListItem","position":2,"name":"Th\u00e9\u00e2tre"}]},{"@type":"WebSite","@id":"http:\/\/melaniegerber.fr\/#website","url":"http:\/\/melaniegerber.fr\/","name":"M\u00e9lanie Gerber","description":"auteure compositrice interpr\u00e8te","potentialAction":[{"@type":"SearchAction","target":{"@type":"EntryPoint","urlTemplate":"http:\/\/melaniegerber.fr\/?s={search_term_string}"},"query-input":"required name=search_term_string"}],"inLanguage":"fr-FR"}]}},"_links":{"self":[{"href":"http:\/\/melaniegerber.fr\/index.php\/wp-json\/wp\/v2\/pages\/71","targetHints":{"allow":["GET"]}}],"collection":[{"href":"http:\/\/melaniegerber.fr\/index.php\/wp-json\/wp\/v2\/pages"}],"about":[{"href":"http:\/\/melaniegerber.fr\/index.php\/wp-json\/wp\/v2\/types\/page"}],"author":[{"embeddable":true,"href":"http:\/\/melaniegerber.fr\/index.php\/wp-json\/wp\/v2\/users\/1"}],"replies":[{"embeddable":true,"href":"http:\/\/melaniegerber.fr\/index.php\/wp-json\/wp\/v2\/comments?post=71"}],"version-history":[{"count":38,"href":"http:\/\/melaniegerber.fr\/index.php\/wp-json\/wp\/v2\/pages\/71\/revisions"}],"predecessor-version":[{"id":399,"href":"http:\/\/melaniegerber.fr\/index.php\/wp-json\/wp\/v2\/pages\/71\/revisions\/399"}],"wp:featuredmedia":[{"embeddable":true,"href":"http:\/\/melaniegerber.fr\/index.php\/wp-json\/wp\/v2\/media\/126"}],"wp:attachment":[{"href":"http:\/\/melaniegerber.fr\/index.php\/wp-json\/wp\/v2\/media?parent=71"}],"curies":[{"name":"wp","href":"https:\/\/api.w.org\/{rel}","templated":true}]}}