{"id":201,"date":"2018-10-17T17:16:23","date_gmt":"2018-10-17T16:16:23","guid":{"rendered":"http:\/\/melaniegerber.fr\/?page_id=201"},"modified":"2019-03-24T22:12:34","modified_gmt":"2019-03-24T21:12:34","slug":"cv-composition-curriculum-musicale","status":"publish","type":"page","link":"http:\/\/melaniegerber.fr\/index.php\/cv-composition-curriculum-musicale\/","title":{"rendered":"cv"},"content":{"rendered":"<aside id=\"resume_builder_widget_resume-5\" class=\"widget resume_builder_widget_resume amr_widget\"><style type=\"text\/css\">\n            #resume-282.rb-template-container { max-width: 100% !important; margin-left: auto; margin-right: auto; }            #resume-282 .rbt-header-wrapper { border-color: rgba( 0, 0, 0, 0.2 ); }\n            #resume-282.rb-template-container { background: transparent !important; box-sizing: border-box; padding: 0 !important; }                                                @media screen and (max-width: 900px) {\n                #resume-282.rb-template-container {\n                    padding:45px !important;\n                }\n            }\n        <\/style><section id=\"resume-282\" class=\"rb-template-container rb-compact\"><div class=\"rb-template-default\"><div class=\"rbt-header-wrapper\"><style type=\"text\/css\">\n\t#rb-template-193 .rbt-header .rbt-name,\n\t#rb-template-193 .rbt-header .rbt-title { color:#000000; }\n\t#rb-template-193 .rbt-header .rb-button { background:#2271b1; }\n\t#rb-template-193 .rbt-header .rb-button:hover { background:#000000; }\n\t#rb-template-193 .rbt-header > .rbt-photo { width: 100px; height: 100px; }\n<\/style>\n\n<div id=\"rb-template-193\" class=\"rb-template-default\">\n\t<section class=\"rbt-header rb-resume-has-photo\">\n\n\t\t\t\t\n\t\t\t\t\t<div class=\"rbt-photo\" style=\"background-image: url( 'http:\/\/melaniegerber.fr\/wp-content\/uploads\/2018\/10\/Capture-d\u2019e\u0301cran-2018-10-05-a\u0300-15.45.35-1024x581.png' )\">&nbsp;<\/div>\n\t\t\t\n\t\t\t\n\t\t<div class=\"rbt-name\">M\u00e9lanie Gerber<\/div>\n\t\n\t\t\t\n\t\t<div class=\"rbt-title\">L\u00e9La Frite<\/div>\t\t\n\t\t \n\t\n\t\t\t\n\t<\/section>\n<\/div><style type=\"text\/css\">\n\t\t#rb-template-563 .rbt-contact-info,\n\t\t#rb-template-563 .rbt-ci-block { border-color: rgba( 0, 0, 0, 0.2 ); }\n\t\t#rb-template-563 .rbt-contact-info a { color:#2271b1; }\n\t\t#rb-template-563 .rbt-contact-info svg path { stroke:#000000; }\n\t\t#rb-template-563 .rbt-contact-info,\n\t\t#rb-template-563 .rbt-contact-info a:hover { color:#000000; }\t\n\t<\/style><div id=\"rb-template-563\" class=\"rb-template-default\"><div class=\"rbt-contact-info\"><div class=\"rbt-ci-block\"><div><\/div><div><a href=\"mailto:&#109;&#101;l&#097;n&#105;&#101;&#064;&#109;e&#108;&#097;&#110;&#105;ege&#114;be&#114;.fr\">m&#101;l&#097;&#110;&#105;&#101;&#064;&#109;ela&#110;&#105;&#101;&#103;&#101;&#114;&#098;er&#046;f&#114;<\/a><\/div><\/div><div class=\"rbt-ci-block\"><div><\/div><div><a href=\"http:\/\/melaniegerber.fr\" target=\"_blank\">http:\/\/melaniegerber.fr<\/a><\/div><\/div><div class=\"rbt-ci-block\"><div><\/div><div>Metz<\/div><\/div><\/div><\/div><\/div><div class=\"rbt-body\"><div class=\"rbt-column small\"><style type=\"text\/css\">\n\t\t#rb-template-492 .rb-resume-skills-block { color: #000000; }\n\t\t#rb-template-492 .rb-resume-skills-block .rb-resume-skill-rating svg > path { stroke: #ffA500; fill: #ffA500; }\n\t\t#rb-template-492 .rbt-section-heading { color: #2271b1; }\n\t\t\t<\/style><div class=\"rb-compact\"><div id=\"rb-template-492\" class=\"rb-template-default\"><div class=\"rbt-section-heading\">Comp\u00e9tences<\/div><div class=\"rb-resume-skills-block-wrapper\"><div class=\"rb-resume-skills-block\"><div class=\"rb-resume-skill-title\">Ableton Live ++ Montage vid\u00e9o...<\/div><div class=\"rb-resume-skill-rating\"><div class=\"rb-rating-star-whole\"><svg width=\"24\" height=\"24\" fill=\"none\" xmlns=\"http:\/\/www.w3.org\/2000\/svg\"><path d=\"M12 4.75L13.75 10.25H19.25L14.75 13.75L16.25 19.25L12 15.75L7.75 19.25L9.25 13.75L4.75 10.25H10.25L12 4.75Z\" stroke=\"#141414\" stroke-width=\"1.5\" stroke-linecap=\"round\" stroke-linejoin=\"round\"><\/path><\/svg><\/div><div class=\"rb-rating-star-whole\"><svg width=\"24\" height=\"24\" fill=\"none\" xmlns=\"http:\/\/www.w3.org\/2000\/svg\"><path d=\"M12 4.75L13.75 10.25H19.25L14.75 13.75L16.25 19.25L12 15.75L7.75 19.25L9.25 13.75L4.75 10.25H10.25L12 4.75Z\" stroke=\"#141414\" stroke-width=\"1.5\" stroke-linecap=\"round\" stroke-linejoin=\"round\"><\/path><\/svg><\/div><div class=\"rb-rating-star-whole\"><svg width=\"24\" height=\"24\" fill=\"none\" xmlns=\"http:\/\/www.w3.org\/2000\/svg\"><path d=\"M12 4.75L13.75 10.25H19.25L14.75 13.75L16.25 19.25L12 15.75L7.75 19.25L9.25 13.75L4.75 10.25H10.25L12 4.75Z\" stroke=\"#141414\" stroke-width=\"1.5\" stroke-linecap=\"round\" stroke-linejoin=\"round\"><\/path><\/svg><\/div><div class=\"rb-rating-star-whole\"><svg width=\"24\" height=\"24\" fill=\"none\" xmlns=\"http:\/\/www.w3.org\/2000\/svg\"><path d=\"M12 4.75L13.75 10.25H19.25L14.75 13.75L16.25 19.25L12 15.75L7.75 19.25L9.25 13.75L4.75 10.25H10.25L12 4.75Z\" stroke=\"#141414\" stroke-width=\"1.5\" stroke-linecap=\"round\" stroke-linejoin=\"round\"><\/path><\/svg><\/div><div class=\"rb-rating-star-whole\"><svg width=\"24\" height=\"24\" fill=\"none\" xmlns=\"http:\/\/www.w3.org\/2000\/svg\"><path d=\"M12 4.75L13.75 10.25H19.25L14.75 13.75L16.25 19.25L12 15.75L7.75 19.25L9.25 13.75L4.75 10.25H10.25L12 4.75Z\" stroke=\"#141414\" stroke-width=\"1.5\" stroke-linecap=\"round\" stroke-linejoin=\"round\"><\/path><\/svg><\/div><\/div><div class=\"rb-resume-skill-description\"><p>Programmation de conduites son, lumi\u00e8re et vid\u00e9o synchronis\u00e9es avec Live Ableton.<\/p><\/div><\/div><div class=\"rb-resume-skills-block\"><div class=\"rb-resume-skill-title\">2005\/\/DNSEP. Metz ESAL<\/div><div class=\"rb-resume-skill-rating\"><div class=\"rb-rating-star-whole\"><svg width=\"24\" height=\"24\" fill=\"none\" xmlns=\"http:\/\/www.w3.org\/2000\/svg\"><path d=\"M12 4.75L13.75 10.25H19.25L14.75 13.75L16.25 19.25L12 15.75L7.75 19.25L9.25 13.75L4.75 10.25H10.25L12 4.75Z\" stroke=\"#141414\" stroke-width=\"1.5\" stroke-linecap=\"round\" stroke-linejoin=\"round\"><\/path><\/svg><\/div><div class=\"rb-rating-star-whole\"><svg width=\"24\" height=\"24\" fill=\"none\" xmlns=\"http:\/\/www.w3.org\/2000\/svg\"><path d=\"M12 4.75L13.75 10.25H19.25L14.75 13.75L16.25 19.25L12 15.75L7.75 19.25L9.25 13.75L4.75 10.25H10.25L12 4.75Z\" stroke=\"#141414\" stroke-width=\"1.5\" stroke-linecap=\"round\" stroke-linejoin=\"round\"><\/path><\/svg><\/div><div class=\"rb-rating-star-whole\"><svg width=\"24\" height=\"24\" fill=\"none\" xmlns=\"http:\/\/www.w3.org\/2000\/svg\"><path d=\"M12 4.75L13.75 10.25H19.25L14.75 13.75L16.25 19.25L12 15.75L7.75 19.25L9.25 13.75L4.75 10.25H10.25L12 4.75Z\" stroke=\"#141414\" stroke-width=\"1.5\" stroke-linecap=\"round\" stroke-linejoin=\"round\"><\/path><\/svg><\/div><div class=\"rb-rating-star-whole\"><svg width=\"24\" height=\"24\" fill=\"none\" xmlns=\"http:\/\/www.w3.org\/2000\/svg\"><path d=\"M12 4.75L13.75 10.25H19.25L14.75 13.75L16.25 19.25L12 15.75L7.75 19.25L9.25 13.75L4.75 10.25H10.25L12 4.75Z\" stroke=\"#141414\" stroke-width=\"1.5\" stroke-linecap=\"round\" stroke-linejoin=\"round\"><\/path><\/svg><\/div><div class=\"rb-rating-star-whole\"><svg width=\"24\" height=\"24\" fill=\"none\" xmlns=\"http:\/\/www.w3.org\/2000\/svg\"><path d=\"M12 4.75L13.75 10.25H19.25L14.75 13.75L16.25 19.25L12 15.75L7.75 19.25L9.25 13.75L4.75 10.25H10.25L12 4.75Z\" stroke=\"#141414\" stroke-width=\"1.5\" stroke-linecap=\"round\" stroke-linejoin=\"round\"><\/path><\/svg><\/div><\/div><\/div><div class=\"rb-resume-skills-block\"><div class=\"rb-resume-skill-title\">2002\/\/DEUG &amp; Licence d'Arts Plastiques. Universit\u00e9 de Metz<\/div><div class=\"rb-resume-skill-rating\"><div class=\"rb-rating-star-whole\"><svg width=\"24\" height=\"24\" fill=\"none\" xmlns=\"http:\/\/www.w3.org\/2000\/svg\"><path d=\"M12 4.75L13.75 10.25H19.25L14.75 13.75L16.25 19.25L12 15.75L7.75 19.25L9.25 13.75L4.75 10.25H10.25L12 4.75Z\" stroke=\"#141414\" stroke-width=\"1.5\" stroke-linecap=\"round\" stroke-linejoin=\"round\"><\/path><\/svg><\/div><div class=\"rb-rating-star-whole\"><svg width=\"24\" height=\"24\" fill=\"none\" xmlns=\"http:\/\/www.w3.org\/2000\/svg\"><path d=\"M12 4.75L13.75 10.25H19.25L14.75 13.75L16.25 19.25L12 15.75L7.75 19.25L9.25 13.75L4.75 10.25H10.25L12 4.75Z\" stroke=\"#141414\" stroke-width=\"1.5\" stroke-linecap=\"round\" stroke-linejoin=\"round\"><\/path><\/svg><\/div><div class=\"rb-rating-star-whole\"><svg width=\"24\" height=\"24\" fill=\"none\" xmlns=\"http:\/\/www.w3.org\/2000\/svg\"><path d=\"M12 4.75L13.75 10.25H19.25L14.75 13.75L16.25 19.25L12 15.75L7.75 19.25L9.25 13.75L4.75 10.25H10.25L12 4.75Z\" stroke=\"#141414\" stroke-width=\"1.5\" stroke-linecap=\"round\" stroke-linejoin=\"round\"><\/path><\/svg><\/div><div class=\"rb-rating-star-whole\"><svg width=\"24\" height=\"24\" fill=\"none\" xmlns=\"http:\/\/www.w3.org\/2000\/svg\"><path d=\"M12 4.75L13.75 10.25H19.25L14.75 13.75L16.25 19.25L12 15.75L7.75 19.25L9.25 13.75L4.75 10.25H10.25L12 4.75Z\" stroke=\"#141414\" stroke-width=\"1.5\" stroke-linecap=\"round\" stroke-linejoin=\"round\"><\/path><\/svg><\/div><div class=\"rb-rating-star-whole\"><svg width=\"24\" height=\"24\" fill=\"none\" xmlns=\"http:\/\/www.w3.org\/2000\/svg\"><path d=\"M12 4.75L13.75 10.25H19.25L14.75 13.75L16.25 19.25L12 15.75L7.75 19.25L9.25 13.75L4.75 10.25H10.25L12 4.75Z\" stroke=\"#141414\" stroke-width=\"1.5\" stroke-linecap=\"round\" stroke-linejoin=\"round\"><\/path><\/svg><\/div><\/div><\/div><div class=\"rb-resume-skills-block\"><div class=\"rb-resume-skill-title\">Animation d'ateliers musicaux pour les enfants<\/div><div class=\"rb-resume-skill-rating\"><div class=\"rb-rating-star-whole\"><svg width=\"24\" height=\"24\" fill=\"none\" xmlns=\"http:\/\/www.w3.org\/2000\/svg\"><path d=\"M12 4.75L13.75 10.25H19.25L14.75 13.75L16.25 19.25L12 15.75L7.75 19.25L9.25 13.75L4.75 10.25H10.25L12 4.75Z\" stroke=\"#141414\" stroke-width=\"1.5\" stroke-linecap=\"round\" stroke-linejoin=\"round\"><\/path><\/svg><\/div><div class=\"rb-rating-star-whole\"><svg width=\"24\" height=\"24\" fill=\"none\" xmlns=\"http:\/\/www.w3.org\/2000\/svg\"><path d=\"M12 4.75L13.75 10.25H19.25L14.75 13.75L16.25 19.25L12 15.75L7.75 19.25L9.25 13.75L4.75 10.25H10.25L12 4.75Z\" stroke=\"#141414\" stroke-width=\"1.5\" stroke-linecap=\"round\" stroke-linejoin=\"round\"><\/path><\/svg><\/div><div class=\"rb-rating-star-whole\"><svg width=\"24\" height=\"24\" fill=\"none\" xmlns=\"http:\/\/www.w3.org\/2000\/svg\"><path d=\"M12 4.75L13.75 10.25H19.25L14.75 13.75L16.25 19.25L12 15.75L7.75 19.25L9.25 13.75L4.75 10.25H10.25L12 4.75Z\" stroke=\"#141414\" stroke-width=\"1.5\" stroke-linecap=\"round\" stroke-linejoin=\"round\"><\/path><\/svg><\/div><div class=\"rb-rating-star-whole\"><svg width=\"24\" height=\"24\" fill=\"none\" xmlns=\"http:\/\/www.w3.org\/2000\/svg\"><path d=\"M12 4.75L13.75 10.25H19.25L14.75 13.75L16.25 19.25L12 15.75L7.75 19.25L9.25 13.75L4.75 10.25H10.25L12 4.75Z\" stroke=\"#141414\" stroke-width=\"1.5\" stroke-linecap=\"round\" stroke-linejoin=\"round\"><\/path><\/svg><\/div><div class=\"rb-rating-star-whole\"><svg width=\"24\" height=\"24\" fill=\"none\" xmlns=\"http:\/\/www.w3.org\/2000\/svg\"><path d=\"M12 4.75L13.75 10.25H19.25L14.75 13.75L16.25 19.25L12 15.75L7.75 19.25L9.25 13.75L4.75 10.25H10.25L12 4.75Z\" stroke=\"#141414\" stroke-width=\"1.5\" stroke-linecap=\"round\" stroke-linejoin=\"round\"><\/path><\/svg><\/div><\/div><\/div><\/div><\/div><\/div><\/div><div class=\"rbt-column large\"><style type=\"text\/css\">\n\t\t#rb-template-603 .rbt-introduction { color:#000000; }\n\t<\/style>\n\t\n\t<div id=\"rb-template-603\" class=\"rb-template-default\">\n\t\t<div class=\"rbt-introduction\"><p>Musicienne autodidacte, M\u00e9lanie Gerber s\u2019est initi\u00e9e aux tablas lors d\u2019un voyage en Inde et pratique toutes sortes d\u2019instruments, harmoniums, fl\u00fbtes, guitares, qu\u2019elle marie \u00e0 d\u2019autres sonorit\u00e9s \u00e9lectroniques plus contemporaines. Travaillant \u00e0 Metz en tant qu\u2019autrice-compositrice-interpr\u00e8te, elle collabore avec des metteurs en sc\u00e8ne de th\u00e9\u00e2tre, sc\u00e9nographes, cr\u00e9ateurs visuels et con\u00e7oit ainsi des pi\u00e8ces musicales pour le th\u00e9\u00e2tre et le cin\u00e9ma, utilisant sa voix comme instrument de pr\u00e9dilection.&nbsp;<em>\u00ab Mes recherches sur la voix sont avant tout au service de la m\u00e9lodie, mais il s\u2018agit de \u201cchansons\u201c performatives cherchant \u00e0 provoquer une r\u00e9action dynamique chez l\u2019auditeur. \u00c0 travers mon chant, c\u2019est tout mon corps que j\u2019engage et dont j\u2019extirpe une musique intuitive bas\u00e9e sur l\u2019improvisation vocale. \u00bb Le langage devient un pur objet esth\u00e9tique, un simple ph\u00e9nom\u00e8ne musical qui participe de la qu\u00eate spirituelle par la mise en oeuvre d\u2019une langue aux r\u00e9sonances incantatoires.<\/em><\/p><\/div>\t<\/div><style type=\"text\/css\">\n\t\t#rb-template-623,\n\t\t#rb-template-623 .rbt-history-blocks .rbt-history-block { color: #000000; }\n\t\t#rb-template-623 .rbt-section-heading { color: #2271b1; }\n\t\t#rb-template-623 .rbt-history-blocks .rbt-history-block > div::before { background: #000000; }\n\t\t#rb-template-623 .rbt-history-blocks .rbt-history-place-time > span::after { background: #000000; }\n\t\t#rb-template-623 .rbt-history-blocks .rbt-history-block .rbt-history-job-degree:after { background: #2271b1; }\n\t<\/style><div id=\"rb-template-623\" class=\"rb-template-default\"><div class=\"rbt-history-blocks\"><div class=\"rbt-history-block\"><div class=\"rbt-history-place-time\"><span class=\"rbt-history-dates\">2024-2025<\/span><\/div><div class=\"rbt-history-description\"><p>Cr\u00e9ation sonore, chant et r\u00e9gie au plateau pour le spectacle <a href=\"https:\/\/www.youtube.com\/watch?v=oEevq247VJM\" rel=\"noopener noreferrer\" target=\"_blank\">\"<em>Du vent dans les ak\u00e8nes\"<\/em><\/a> avec la <a href=\"https:\/\/www.cieassolatelier.fr\/du-vent-dans-les-ak%C3%A8nes-ok\" rel=\"noopener noreferrer\" target=\"_blank\">Cie l'Assolatelier<\/a>. Cr\u00e9ation avril 2025.<\/p><p>Cr\u00e9ation sonore pour le spectacle <em>\"Une Rose plus Rouge\"<\/em>, mise en sc\u00e8ne de Christine Muller, cr\u00e9ation au Th\u00e9\u00e2tre National du Luxembourg, mars 2025. <\/p><p>Chant et conduite vid\u00e9o pour <a href=\"https:\/\/www.youtube.com\/watch?v=fkr4BdCZmws\" rel=\"noopener noreferrer\" target=\"_blank\"><em>\"Oiapok joue Allumette de Tomi Ungerer\"<\/em><\/a><em>, <\/em>Asso Orignal Music. Cr\u00e9ation mars 2025.<\/p><p>Conduite sonore pour Les RDV de Stammd\u00ebsch, pour le collectif Le Gueuloir. Mise en sc\u00e8ne Jean Boillot, d\u00e9c 2024.<\/p><p>Conduite sonore pour <a href=\"https:\/\/www.legueuloir.lu\/#projets\" rel=\"noopener noreferrer\" target=\"_blank\"><em>\"Le Souffle\"<\/em><\/a> par le collectif Le Gueuloir.<em> <\/em>rencontres en Avignon autour des \u00e9critures Franco-Belgo-Luxembourgeoises, Juillet 2024.<\/p><p><a href=\"https:\/\/youtube.com\/shorts\/5KKRST3gkE8?feature=share\" rel=\"noopener noreferrer\" target=\"_blank\"><em>\"Le peuple de Lumi\u00e8re\"<\/em><\/a> Atelier cr\u00e9ation musicale et th\u00e9\u00e2tre avec 3 classes de primaire de l'\u00e9cole Raymond Poincar\u00e9 et l'Arche, Villerupt (54). Mai 2024<\/p><\/div><\/div><div class=\"rbt-history-block\"><div class=\"rbt-history-place-time\"><span class=\"rbt-history-dates\">2021-2023<\/span><\/div><div class=\"rbt-history-description\"><p>Cr\u00e9ation musicale et ambiance sonore pour <a href=\"https:\/\/soundcloud.com\/user-984529584-741120565\/sets\/les-contes-des-miracles?si=00817fa8f6044547a90447af20b0a520&amp;utm_source=clipboard&amp;utm_medium=text&amp;utm_campaign=social_sharing\" rel=\"noopener noreferrer\" target=\"_blank\">Les contes des miracles<\/a>, pour le d\u00e9partement de la Moselle. D\u00e9cembre 2023.<\/p><p>Festival d'Avignon au 11 Gilgamesh avec le spectale  <a href=\"https:\/\/www.heures-paniques.fr\/%C3%A0-l-%C3%A9coute-titre-provisoire\" rel=\"noopener noreferrer\" target=\"_blank\">\"Ne quittez pas s'il vous pla\u00eet\"<\/a>, juillet 2023.<\/p><p>Reprise du spectacle performatif \"Le Commun des Mortels\" \u00e0 l'Arche, Villerupt , juin 2023.<\/p><p>Cr\u00e9ation musicale et r\u00e9gie son pour <a href=\"https:\/\/www.heures-paniques.fr\/%C3%A0-l-%C3%A9coute-titre-provisoire\" rel=\"noopener noreferrer\" target=\"_blank\">\"Ne quittez pas s'il vous pla\u00eet\" <\/a>de la Cie Les Heures Paniques. Cr\u00e9ation 2022.<\/p><p>Cr\u00e9ation musicale, chant et r\u00e9gie au plateau de <em>\"C\u0153ur de S\u00e8ve\" <\/em>avec <a href=\"https:\/\/collectiflouvreboites.fr\/coeur-de-seve\/\" rel=\"noopener noreferrer\" target=\"_blank\">le collectif l'Ouvre-Bo\u00eetes<\/a>. Cr\u00e9ation 1er F\u00e9vrier 2022.<\/p><p>Chant et r\u00e9gie vid\u00e9o pour <a href=\"https:\/\/www.youtube.com\/watch?v=siiyn8owcww\" rel=\"noopener noreferrer\" target=\"_blank\"><em>\"Oiapok joue le Nuage Bleu de Tomi Ungerer\"<\/em><\/a> du groupe Oiapok, Asso Orignal Music. Cr\u00e9ation 12 d\u00e9c 2021.<\/p><p>Cr\u00e9ation du parcours sonore immersif pour <a href=\"https:\/\/soundcloud.com\/user-984529584-741120565\/le-sentier-des-lanternes-la-banquise-extrait-2020?si=43020e4080d443d0b25656a4b0663c46&amp;utm_source=clipboard&amp;utm_medium=text&amp;utm_campaign=social_sharing\" rel=\"noopener noreferrer\" target=\"_blank\"><em>Le Sentier des Lanternes<\/em><\/a>, de la ville de Metz. D\u00e9c 2021.<\/p><p>Cr\u00e9ation musicale, chant et r\u00e9gie au plateau de <em>\"Mon Fils\"<\/em> avec la <a href=\"https:\/\/www.cieassolatelier.fr\/\" rel=\"noopener noreferrer\" target=\"_blank\">Cie l'Assolatelier<\/a> spectacle pour enfants.<\/p><\/div><\/div><div class=\"rbt-history-block\"><div class=\"rbt-history-place-time\"><span class=\"rbt-history-dates\">2019-2020<\/span><\/div><div class=\"rbt-history-description\"><p>R\u00e9gisseuse son pour <a href=\"https:\/\/soundcloud.com\/lelafrite\/mashup-la-tablee-creation-2019?si=35c29b22739a461b8525248cf7107ace&amp;utm_source=clipboard&amp;utm_medium=text&amp;utm_campaign=social_sharing\" rel=\"noopener noreferrer\" target=\"_blank\"><em>\"La Tabl\u00e9e\"<\/em><\/a> - Repr\u00e9sentations \u00e0 L'Op\u00e9ra de Metz M\u00e9tropole et \u00e0 la Maison de la Culture \u00e0 Tunis, janvier 2020, au th\u00e9\u00e2tre de l'Union, CDN de Limoges dans le cadre des Francophonies, 2 &amp; 3 octobre 2020.<\/p><p>\n<\/p><p>Cr\u00e9ation musicale pour la pi\u00e8ce de th\u00e9\u00e2tre <a href=\"https:\/\/soundcloud.com\/lelafrite\/mashup-la-tablee-creation-2019?si=f2c2a129d96f4c3191ce648e8e0c569d&amp;utm_source=clipboard&amp;utm_medium=text&amp;utm_campaign=social_sharing\" rel=\"noopener noreferrer\" target=\"_blank\"><em>\"la Tabl\u00e9e\"<\/em> <\/a>avec la Compagnie <a href=\"https:\/\/www.heures-paniques.fr\/\">Les Heures Paniques<\/a> en coproduction avec la Tunisie.<\/p><p>\n<\/p><p>Cr\u00e9ation du parcours sonore immersif pour <em>Le Sentier des Lanternes<\/em>, animation pour le March\u00e9 de No\u00ebl de la ville de Metz.<\/p><p>\n<\/p><p><a href=\"https:\/\/soundcloud.com\/lelafrite\/sets\/musee-departemental-du-sel?si=cf1d8289f23a488d8d37d4d0df344155&amp;utm_source=clipboard&amp;utm_medium=text&amp;utm_campaign=social_sharing\" rel=\"noopener noreferrer\" target=\"_blank\">Habillage sonore<\/a> pour le parcours num\u00e9rique du Mus\u00e9e D\u00e9partemental du Sel \u00e0 Marsal.<\/p><p>\n<\/p><p>Animation d'une Masterclass de chant pour la 20\u00e8me \u00e9dition de Vita Romama au Parc Arch\u00e9ologique europ\u00e9en de Bliesbruck-Reinheim, avec le D\u00e9partement de la Moselle.<\/p><p>\n<\/p><p><a href=\"https:\/\/soundcloud.com\/lelafrite\/sets\/habillage-sonore-pour-le-site?si=9b1adc9c5f524ff18a44f56963d04707&amp;utm_source=clipboard&amp;utm_medium=text&amp;utm_campaign=social_sharing\" rel=\"noopener noreferrer\" target=\"_blank\">Habillage sonore<\/a> pour le site Moselle Passion de Bliesbruck-Reinheim.<\/p><p><br><\/p><p>&nbsp;<\/p><\/div><\/div><div class=\"rbt-history-block\"><div class=\"rbt-history-place-time\"><span class=\"rbt-history-dates\">2017-2019<\/span><\/div><div class=\"rbt-history-description\"><p>Cr\u00e9ation musicale pour \"Les Chemins de Traverse\" avec la Compagnie&nbsp;<a href=\"https:\/\/www.heures-paniques.fr\/presse\">Les Heures Paniques<\/a>.Festival d\u2019Avignon - Conduite sonore de \u00ab<em>Ton Beau Capitaine<\/em>\u00bb au 11.Gilgamesh Belleville avec la Compagnie <a href=\"https:\/\/www.heures-paniques.fr\/presse\">Les Heures Paniques<\/a>.Cr\u00e9ation musicale pour le mapping vid\u00e9o de \u00ab<em>2\u00e8me \u00e9tage au bout du monde<\/em>\u00bb pr\u00e9sent\u00e9 \u00e0 l'occasion de Constellations 2018 \u00e0 Metz - avec la Cie <a href=\"https:\/\/www.heures-paniques.fr\/presse\">Les Heures Paniques<\/a>.<\/p><\/div><\/div><div class=\"rbt-history-block\"><div class=\"rbt-history-place-time\"><span class=\"rbt-history-dates\">2016-2017<\/span><\/div><div class=\"rbt-history-description\"><p>Cr\u00e9ation musicale pour la pi\u00e8ce de th\u00e9\u00e2tre \u00ab<em>Ton Beau Capitaine<\/em>\u00bb mise en sc\u00e8ne par M. Galet-Lalande.Cr\u00e9ation musicale pour \u00ab<em>Hommage \u00e0 Jean-Marie Pelt<\/em>\u00bb, pr\u00e9sent\u00e9 \u00e0 l\u2019Arsenal \u00e0 Metz. Commande de l\u2019Institut Europ\u00e9en d\u2019Ecologie de Metz.<\/p><\/div><\/div><div class=\"rbt-history-block\"><div class=\"rbt-history-place-time\"><span class=\"rbt-history-dates\">2015-2016<\/span><\/div><div class=\"rbt-history-description\"><p>Cr\u00e9ation de la Bande originale pour le film pr\u00e9sent\u00e9 \u00e0 la commission UNESCO, \u00ab<em>Metz, Royale et Imp\u00e9riale<\/em>\u00bb.\u00ab<em>Le Commun des Mortels<\/em>\u00bb Performance en Lieu de Culte Installation Vid\u00e9o\/Costume\/Voixpr\u00e9sent\u00e9 dans le cadre des Journ\u00e9es du Patrimoine \u00e0 Metz - septembre 2016.<\/p><\/div><\/div><div class=\"rbt-history-block\"><div class=\"rbt-history-place-time\"><span class=\"rbt-history-dates\">2012-2013<\/span><\/div><div class=\"rbt-history-description\"><p>Cr\u00e9ation et interpr\u00e8tation du spectacle \u00ab<em>Le Mythe de L\u00e9La Frite K\u00e2li<\/em>\u00bb + rencontres p\u00e9dagogiques.Cr\u00e9ation musicale pour \u00ab<em>16M2<\/em>\u00bb avec le NEST CDN de Thionville,&nbsp; et la Cie<a href=\"https:\/\/www.heures-paniques.fr\/presse\"> Les Heures Paniques<\/a>.<\/p><\/div><\/div><div class=\"rbt-history-block\"><div class=\"rbt-history-place-time\"><span class=\"rbt-history-dates\">2011<\/span><\/div><div class=\"rbt-history-description\"><p>Cr\u00e9ation sonore avec la Compagnie Kalisto et le CDN de Colmar, \u00ab<em>Parasites<\/em>\u00bb de M.V. Mayenburg.Cr\u00e9ation sonore avec la Cie <a href=\"https:\/\/www.heures-paniques.fr\/presse\">Les Heures Paniques<\/a>, \u00ab<em>Pourquoi y a-t-il Que Dalle plut\u00f4t que rien ?<\/em>\u00bb.<\/p><\/div><\/div><\/div><div class=\"rbt-section-heading\">Ateliers p\u00e9dagogiques<\/div><div class=\"rbt-history-blocks\"><div class=\"rbt-history-block\"><div class=\"rbt-history-place-time\"><span class=\"rbt-history-dates\">2014 -2020<\/span><\/div><div class=\"rbt-history-description\"><p style=\"text-align: left\">Encadrement des classes de primaire pour le dispositif Artistes en Herbe mis en place par la ville de Metz.<\/p><p>\n<\/p><p>Atelier de cr\u00e9ation d'un spectacle musical (\u00e9criture, lecture, cr\u00e9ation musicale) avec un groupe d'enfants du CAJT OLC\/FDMJC 54 de Hom\u00e9court.<\/p><p>\n<\/p><p>\"I Have a Dream\" Atelier d'\u00e9criture et de r\u00e9alisation d'un film de fiction avec un groupe de demandeurs d'asile avec la <a href=\"https:\/\/www.astrov.fr\/\">Cie Astrov<\/a> et la <a href=\"http:\/\/mclmetz.fr\/\">MCL<\/a> de Metz.<\/p><p>\n<\/p><p>&nbsp;<\/p><p>\n<\/p><p style=\"text-align: left\">Ateliers de cr\u00e9ation sonore dans le cadre des animations estivales avec la Cie l\u2019Assolatelier.<\/p><\/div><\/div><\/div><div class=\"rbt-section-heading\">Improvisation - Performance<\/div><div class=\"rbt-history-blocks\"><div class=\"rbt-history-block\"><div class=\"rbt-history-place-time\"><\/div><div class=\"rbt-history-description\"><p>Performeuse vocale dans le groupe <a href=\"http:\/\/camembertmusic.com\/\"><em>Camembert<\/em><\/a> bas\u00e9 \u00e0 Strasbourg.Compositrice-interpr\u00e8te dans la formation <a href=\"http:\/\/www.lelafrite.com\/\">L\u00e9La Frite<\/a>Improvisation vocale avec la formation <em>Rocky Patel Sonic<\/em> pour le festival PASSAGES.Improvisation vocales aux <em>Siestes Sonores<\/em> 2015-2016-2017Finaliste des <em>Inou\u00efs du Printemps de Bourges 2015<\/em> avec le projet <a href=\"http:\/\/selfmusic.fr\/\"><em>SeLF<\/em>.<\/a>Improvisation vocale <em>Nine Days<\/em> au CCAM de Vandeuvre avec la compagnie ENZ.Improvisation vocale avec Gilles Sornette au MUDAM - Luxembourg.<\/p><\/div><\/div><div class=\"rbt-history-block\"><div class=\"rbt-history-place-time\"><span class=\"rbt-history-dates\">2022<\/span><\/div><div class=\"rbt-history-description\"><p>Composition, interpr\u00e9tation, r\u00e9gie d\u00e9port\u00e9e pour le spectacle jeune public <a href=\"https:\/\/collectiflouvreboites.fr\/coeur-de-seve\/\" rel=\"noopener noreferrer\" target=\"_blank\">Coeur de S\u00e8ve<\/a> avec le collectif l'Ouvre-Bo\u00eetes. En repr\u00e9sentation \u00e0 la BAM SMAC Grand Est, au CDN Sc\u00e8ne nationale de Dieppe<\/p><\/div><\/div><\/div><\/div><\/div><\/div><\/div><\/section><\/aside>\n","protected":false},"excerpt":{"rendered":"","protected":false},"author":1,"featured_media":0,"parent":0,"menu_order":0,"comment_status":"closed","ping_status":"closed","template":"","meta":{"footnotes":""},"class_list":["post-201","page","type-page","status-publish","hentry"],"yoast_head":"<!-- This site is optimized with the Yoast SEO plugin v20.8 - https:\/\/yoast.com\/wordpress\/plugins\/seo\/ -->\n<title>parcours et cv de melaniegerber.fr<\/title>\n<meta name=\"description\" content=\"Curiculum vitae et parcours de M\u00e9lanie Gerber, cr\u00e9atrice musicale pour le spectacle vivant\" \/>\n<meta name=\"robots\" content=\"index, follow, max-snippet:-1, max-image-preview:large, max-video-preview:-1\" \/>\n<link rel=\"canonical\" href=\"http:\/\/melaniegerber.fr\/index.php\/cv-composition-curriculum-musicale\/\" \/>\n<meta property=\"og:locale\" content=\"fr_FR\" \/>\n<meta property=\"og:type\" content=\"article\" \/>\n<meta property=\"og:title\" content=\"parcours et cv de melaniegerber.fr\" \/>\n<meta property=\"og:description\" content=\"Curiculum vitae et parcours de M\u00e9lanie Gerber, cr\u00e9atrice musicale pour le spectacle vivant\" \/>\n<meta property=\"og:url\" content=\"http:\/\/melaniegerber.fr\/index.php\/cv-composition-curriculum-musicale\/\" \/>\n<meta property=\"og:site_name\" content=\"M\u00e9lanie Gerber\" \/>\n<meta property=\"article:publisher\" content=\"https:\/\/www.facebook.com\/lelafrite\/\" \/>\n<meta property=\"article:modified_time\" content=\"2019-03-24T21:12:34+00:00\" \/>\n<meta name=\"twitter:card\" content=\"summary_large_image\" \/>\n<script type=\"application\/ld+json\" class=\"yoast-schema-graph\">{\"@context\":\"https:\/\/schema.org\",\"@graph\":[{\"@type\":\"WebPage\",\"@id\":\"http:\/\/melaniegerber.fr\/index.php\/cv-composition-curriculum-musicale\/\",\"url\":\"http:\/\/melaniegerber.fr\/index.php\/cv-composition-curriculum-musicale\/\",\"name\":\"parcours et cv de melaniegerber.fr\",\"isPartOf\":{\"@id\":\"http:\/\/melaniegerber.fr\/#website\"},\"datePublished\":\"2018-10-17T16:16:23+00:00\",\"dateModified\":\"2019-03-24T21:12:34+00:00\",\"description\":\"Curiculum vitae et parcours de M\u00e9lanie Gerber, cr\u00e9atrice musicale pour le spectacle vivant\",\"breadcrumb\":{\"@id\":\"http:\/\/melaniegerber.fr\/index.php\/cv-composition-curriculum-musicale\/#breadcrumb\"},\"inLanguage\":\"fr-FR\",\"potentialAction\":[{\"@type\":\"ReadAction\",\"target\":[\"http:\/\/melaniegerber.fr\/index.php\/cv-composition-curriculum-musicale\/\"]}]},{\"@type\":\"BreadcrumbList\",\"@id\":\"http:\/\/melaniegerber.fr\/index.php\/cv-composition-curriculum-musicale\/#breadcrumb\",\"itemListElement\":[{\"@type\":\"ListItem\",\"position\":1,\"name\":\"Accueil\",\"item\":\"http:\/\/melaniegerber.fr\/\"},{\"@type\":\"ListItem\",\"position\":2,\"name\":\"cv\"}]},{\"@type\":\"WebSite\",\"@id\":\"http:\/\/melaniegerber.fr\/#website\",\"url\":\"http:\/\/melaniegerber.fr\/\",\"name\":\"M\u00e9lanie Gerber\",\"description\":\"auteure compositrice interpr\u00e8te\",\"potentialAction\":[{\"@type\":\"SearchAction\",\"target\":{\"@type\":\"EntryPoint\",\"urlTemplate\":\"http:\/\/melaniegerber.fr\/?s={search_term_string}\"},\"query-input\":\"required name=search_term_string\"}],\"inLanguage\":\"fr-FR\"}]}<\/script>\n<!-- \/ Yoast SEO plugin. -->","yoast_head_json":{"title":"parcours et cv de melaniegerber.fr","description":"Curiculum vitae et parcours de M\u00e9lanie Gerber, cr\u00e9atrice musicale pour le spectacle vivant","robots":{"index":"index","follow":"follow","max-snippet":"max-snippet:-1","max-image-preview":"max-image-preview:large","max-video-preview":"max-video-preview:-1"},"canonical":"http:\/\/melaniegerber.fr\/index.php\/cv-composition-curriculum-musicale\/","og_locale":"fr_FR","og_type":"article","og_title":"parcours et cv de melaniegerber.fr","og_description":"Curiculum vitae et parcours de M\u00e9lanie Gerber, cr\u00e9atrice musicale pour le spectacle vivant","og_url":"http:\/\/melaniegerber.fr\/index.php\/cv-composition-curriculum-musicale\/","og_site_name":"M\u00e9lanie Gerber","article_publisher":"https:\/\/www.facebook.com\/lelafrite\/","article_modified_time":"2019-03-24T21:12:34+00:00","twitter_card":"summary_large_image","schema":{"@context":"https:\/\/schema.org","@graph":[{"@type":"WebPage","@id":"http:\/\/melaniegerber.fr\/index.php\/cv-composition-curriculum-musicale\/","url":"http:\/\/melaniegerber.fr\/index.php\/cv-composition-curriculum-musicale\/","name":"parcours et cv de melaniegerber.fr","isPartOf":{"@id":"http:\/\/melaniegerber.fr\/#website"},"datePublished":"2018-10-17T16:16:23+00:00","dateModified":"2019-03-24T21:12:34+00:00","description":"Curiculum vitae et parcours de M\u00e9lanie Gerber, cr\u00e9atrice musicale pour le spectacle vivant","breadcrumb":{"@id":"http:\/\/melaniegerber.fr\/index.php\/cv-composition-curriculum-musicale\/#breadcrumb"},"inLanguage":"fr-FR","potentialAction":[{"@type":"ReadAction","target":["http:\/\/melaniegerber.fr\/index.php\/cv-composition-curriculum-musicale\/"]}]},{"@type":"BreadcrumbList","@id":"http:\/\/melaniegerber.fr\/index.php\/cv-composition-curriculum-musicale\/#breadcrumb","itemListElement":[{"@type":"ListItem","position":1,"name":"Accueil","item":"http:\/\/melaniegerber.fr\/"},{"@type":"ListItem","position":2,"name":"cv"}]},{"@type":"WebSite","@id":"http:\/\/melaniegerber.fr\/#website","url":"http:\/\/melaniegerber.fr\/","name":"M\u00e9lanie Gerber","description":"auteure compositrice interpr\u00e8te","potentialAction":[{"@type":"SearchAction","target":{"@type":"EntryPoint","urlTemplate":"http:\/\/melaniegerber.fr\/?s={search_term_string}"},"query-input":"required name=search_term_string"}],"inLanguage":"fr-FR"}]}},"_links":{"self":[{"href":"http:\/\/melaniegerber.fr\/index.php\/wp-json\/wp\/v2\/pages\/201","targetHints":{"allow":["GET"]}}],"collection":[{"href":"http:\/\/melaniegerber.fr\/index.php\/wp-json\/wp\/v2\/pages"}],"about":[{"href":"http:\/\/melaniegerber.fr\/index.php\/wp-json\/wp\/v2\/types\/page"}],"author":[{"embeddable":true,"href":"http:\/\/melaniegerber.fr\/index.php\/wp-json\/wp\/v2\/users\/1"}],"replies":[{"embeddable":true,"href":"http:\/\/melaniegerber.fr\/index.php\/wp-json\/wp\/v2\/comments?post=201"}],"version-history":[{"count":8,"href":"http:\/\/melaniegerber.fr\/index.php\/wp-json\/wp\/v2\/pages\/201\/revisions"}],"predecessor-version":[{"id":246,"href":"http:\/\/melaniegerber.fr\/index.php\/wp-json\/wp\/v2\/pages\/201\/revisions\/246"}],"wp:attachment":[{"href":"http:\/\/melaniegerber.fr\/index.php\/wp-json\/wp\/v2\/media?parent=201"}],"curies":[{"name":"wp","href":"https:\/\/api.w.org\/{rel}","templated":true}]}}