{"id":107,"date":"2017-10-02T16:46:06","date_gmt":"2017-10-02T15:46:06","guid":{"rendered":"http:\/\/mel.yellowcox.fr\/?page_id=107"},"modified":"2025-05-27T16:49:37","modified_gmt":"2025-05-27T15:49:37","slug":"sous-menu-jp","status":"publish","type":"page","link":"http:\/\/melaniegerber.fr\/index.php\/spectacles\/jeune-public\/sous-menu-jp\/","title":{"rendered":"Action culturelle : les ateliers"},"content":{"rendered":"\n<h2 class=\"wp-block-heading\"><\/h2>\n\n\n\n<p><strong>Restitution du projet f\u00e9d\u00e9rateur men\u00e9 avec 3 classes de l&rsquo;\u00e9cole Raymond Poincar\u00e9 et l&rsquo;Arche, Villerupt (54). 2024. <\/strong><\/p>\n\n\n\n<figure class=\"wp-block-embed is-type-video is-provider-youtube wp-block-embed-youtube wp-embed-aspect-16-9 wp-has-aspect-ratio\"><div class=\"wp-block-embed__wrapper\">\n<iframe loading=\"lazy\" title=\"Projet f\u00e9d\u00e9rateur 31 05 24  Beaux instants\" width=\"790\" height=\"444\" src=\"https:\/\/www.youtube.com\/embed\/5KKRST3gkE8?feature=oembed\" frameborder=\"0\" allow=\"accelerometer; autoplay; clipboard-write; encrypted-media; gyroscope; picture-in-picture; web-share\" referrerpolicy=\"strict-origin-when-cross-origin\" allowfullscreen><\/iframe>\n<\/div><\/figure>\n\n\n\n<p><\/p>\n\n\n\n<hr class=\"wp-block-separator has-alpha-channel-opacity\"\/>\n\n\n\n<p><strong>Atelier de cr\u00e9ation musicale autour du spectacle \u00ab\u00a0<em>Oiapok joue le Nuage Bleu de Tomi Ungerer<\/em>\u00ab\u00a0.<\/strong><\/p>\n\n\n\n<hr class=\"wp-block-separator aligncenter has-alpha-channel-opacity\"\/>\n\n\n\n<figure class=\"wp-block-embed is-type-video is-provider-youtube wp-block-embed-youtube wp-embed-aspect-16-9 wp-has-aspect-ratio\"><div class=\"wp-block-embed__wrapper\">\n<iframe loading=\"lazy\" title=\"Le Nuage Bleu #2 les CE2\/CM1\" width=\"790\" height=\"444\" src=\"https:\/\/www.youtube.com\/embed\/pzM1CHfAFy4?feature=oembed\" frameborder=\"0\" allow=\"accelerometer; autoplay; clipboard-write; encrypted-media; gyroscope; picture-in-picture; web-share\" referrerpolicy=\"strict-origin-when-cross-origin\" allowfullscreen><\/iframe>\n<\/div><\/figure>\n\n\n\n<hr class=\"wp-block-separator has-alpha-channel-opacity\"\/>\n\n\n\n<p><strong>Atelier \u00ab\u00a0Nature et Sauvage\u00a0\u00bb.<\/strong><\/p>\n\n\n\n<p>R\u00e9alis\u00e9 avec et par les enfants de l&rsquo;\u00e9cole Maurice Barr\u00e8s.<br>Atelier de pr\u00e9paration au spectacle Coeur de S\u00e8ve (cr\u00e9ation 2021 par le <a href=\"https:\/\/collectiflouvreboites.fr\/delphine\/fille-titre-provisoire\/\">Collectif l&rsquo;Ouvre-Bo\u00eetes<\/a>)<br>Accompagnement \u00e0 l&rsquo;\u00e9criture C\u00e9line Sant, supervisation musicale M\u00e9lanie Gerber.<\/p>\n\n\n\n<p><iframe loading=\"lazy\" src=\"https:\/\/w.soundcloud.com\/player\/?url=https%3A\/\/api.soundcloud.com\/tracks\/1280910502&amp;color=%23795439&amp;auto_play=true&amp;hide_related=false&amp;show_comments=true&amp;show_user=true&amp;show_reposts=false&amp;show_teaser=true&amp;visual=true\" scrolling=\"no\" width=\"100%\" height=\"300\" frameborder=\"no\"><\/iframe><\/p>\n\n\n\n\n\n<hr class=\"wp-block-separator has-alpha-channel-opacity\"\/>\n\n\n\n<p><strong>\u00ab\u00a0Le Grand Jour\u00a0\u00bb \/ Initiation \u00e0 l&rsquo;\u00e9loquence et l&rsquo;argumentaire, sensibilisation \u00e0 la citoyennet\u00e9 \/ \u00c9cole de la Seille (Metz Sablon) &#8211; Classe de CM2<\/strong> avec la <a href=\"https:\/\/www.heures-paniques.fr\/actions-pedagogiques-et-culturelles\">Compagnie Les Heures Paniques<\/a>.<\/p>\n\n\n\n<figure class=\"wp-block-embed is-type-rich is-provider-soundcloud wp-block-embed-soundcloud\"><div class=\"wp-block-embed__wrapper\">\n<iframe loading=\"lazy\" title=\"Le grand Jour by Cie Les Heures Paniques\" width=\"790\" height=\"400\" scrolling=\"no\" frameborder=\"no\" src=\"https:\/\/w.soundcloud.com\/player\/?visual=true&#038;url=https%3A%2F%2Fapi.soundcloud.com%2Ftracks%2F1065082513&#038;show_artwork=true&#038;maxheight=1000&#038;maxwidth=790\"><\/iframe>\n<\/div><\/figure>\n\n\n\n<hr class=\"wp-block-separator has-alpha-channel-opacity\"\/>\n\n\n\n<p class=\"has-text-align-left\"><strong>Doublage d&rsquo;un dessin anim\u00e9 avec les enfants de la MJC du Verdunois&nbsp;Avril 2017<\/strong><\/p>\n\n\n\n<p class=\"has-text-align-left\"><iframe loading=\"lazy\" src=\"https:\/\/www.youtube.com\/embed\/wbfksG2RIhc?ecver=1\" allowfullscreen=\"allowfullscreen\" width=\"560\" height=\"315\" frameborder=\"0\"><\/iframe><\/p>\n\n\n\n<hr class=\"wp-block-separator has-alpha-channel-opacity\"\/>\n\n\n\n<p class=\"has-text-align-left\"><strong>Doublages de projets videos et cr\u00e9ations de bandes sonores avec les enfants.<br>Projets de la Cie l&rsquo;Assolatelier.<\/strong><\/p>\n\n\n\n<p class=\"has-text-align-left\"><iframe loading=\"lazy\" src=\"https:\/\/www.youtube.com\/embed\/77ZF9piwsAg\" allowfullscreen=\"allowfullscreen\" width=\"560\" height=\"315\" frameborder=\"0\"><\/iframe><\/p>\n\n\n\n<hr class=\"wp-block-separator has-alpha-channel-opacity\"\/>\n\n\n\n<p class=\"has-text-align-left\"><iframe loading=\"lazy\" src=\"https:\/\/www.youtube.com\/embed\/pD3TOVpTvyk?rel=0&amp;controls=0\" allowfullscreen=\"allowfullscreen\" width=\"560\" height=\"315\" frameborder=\"0\"><\/iframe><\/p>\n\n\n\n<hr class=\"wp-block-separator has-alpha-channel-opacity\"\/>\n\n\n\n<p class=\"has-text-align-left\"><iframe loading=\"lazy\" src=\"https:\/\/www.youtube.com\/embed\/qEZ43-B0NN8?rel=0\" allowfullscreen=\"allowfullscreen\" width=\"560\" height=\"315\" frameborder=\"0\"><\/iframe><\/p>\n\n\n\n<hr class=\"wp-block-separator has-alpha-channel-opacity\"\/>\n\n\n\n<p class=\"has-text-align-left\"><iframe loading=\"lazy\" src=\"https:\/\/www.youtube.com\/embed\/A2PtZ6Q8bjs?rel=0\" allowfullscreen=\"allowfullscreen\" width=\"560\" height=\"315\" frameborder=\"0\"><\/iframe><\/p>\n\n\n\n<hr class=\"wp-block-separator has-alpha-channel-opacity\"\/>\n\n\n\n<p class=\"has-text-align-left\"><iframe loading=\"lazy\" src=\"https:\/\/www.youtube.com\/embed\/zd0Zmg4tKpM?rel=0\" allowfullscreen=\"allowfullscreen\" width=\"560\" height=\"315\" frameborder=\"0\"><\/iframe><\/p>\n","protected":false},"excerpt":{"rendered":"<p>Restitution du projet f\u00e9d\u00e9rateur men\u00e9 avec 3 classes de l&rsquo;\u00e9cole Raymond Poincar\u00e9 et l&rsquo;Arche, Villerupt (54). 2024. Atelier de cr\u00e9ation musicale autour du spectacle \u00ab\u00a0Oiapok joue le Nuage Bleu de Tomi Ungerer\u00ab\u00a0. Atelier \u00ab\u00a0Nature et Sauvage\u00a0\u00bb. R\u00e9alis\u00e9 avec et par les enfants de l&rsquo;\u00e9cole Maurice Barr\u00e8s.Atelier de pr\u00e9paration au spectacle Coeur de S\u00e8ve (cr\u00e9ation 2021&hellip; <\/p>\n","protected":false},"author":1,"featured_media":0,"parent":78,"menu_order":0,"comment_status":"closed","ping_status":"closed","template":"","meta":{"footnotes":""},"class_list":["post-107","page","type-page","status-publish","hentry"],"yoast_head":"<!-- This site is optimized with the Yoast SEO plugin v20.8 - https:\/\/yoast.com\/wordpress\/plugins\/seo\/ -->\n<title>Action culturelle : les ateliers - M\u00e9lanie Gerber<\/title>\n<meta name=\"robots\" content=\"index, follow, max-snippet:-1, max-image-preview:large, max-video-preview:-1\" \/>\n<link rel=\"canonical\" href=\"http:\/\/melaniegerber.fr\/index.php\/spectacles\/jeune-public\/sous-menu-jp\/\" \/>\n<meta property=\"og:locale\" content=\"fr_FR\" \/>\n<meta property=\"og:type\" content=\"article\" \/>\n<meta property=\"og:title\" content=\"Action culturelle : les ateliers - M\u00e9lanie Gerber\" \/>\n<meta property=\"og:description\" content=\"Restitution du projet f\u00e9d\u00e9rateur men\u00e9 avec 3 classes de l&rsquo;\u00e9cole Raymond Poincar\u00e9 et l&rsquo;Arche, Villerupt (54). 2024. Atelier de cr\u00e9ation musicale autour du spectacle \u00ab\u00a0Oiapok joue le Nuage Bleu de Tomi Ungerer\u00ab\u00a0. Atelier \u00ab\u00a0Nature et Sauvage\u00a0\u00bb. R\u00e9alis\u00e9 avec et par les enfants de l&rsquo;\u00e9cole Maurice Barr\u00e8s.Atelier de pr\u00e9paration au spectacle Coeur de S\u00e8ve (cr\u00e9ation 2021&hellip;\" \/>\n<meta property=\"og:url\" content=\"http:\/\/melaniegerber.fr\/index.php\/spectacles\/jeune-public\/sous-menu-jp\/\" \/>\n<meta property=\"og:site_name\" content=\"M\u00e9lanie Gerber\" \/>\n<meta property=\"article:publisher\" content=\"https:\/\/www.facebook.com\/lelafrite\/\" \/>\n<meta property=\"article:modified_time\" content=\"2025-05-27T15:49:37+00:00\" \/>\n<meta name=\"twitter:card\" content=\"summary_large_image\" \/>\n<meta name=\"twitter:label1\" content=\"Dur\u00e9e de lecture estim\u00e9e\" \/>\n\t<meta name=\"twitter:data1\" content=\"1 minute\" \/>\n<script type=\"application\/ld+json\" class=\"yoast-schema-graph\">{\"@context\":\"https:\/\/schema.org\",\"@graph\":[{\"@type\":\"WebPage\",\"@id\":\"http:\/\/melaniegerber.fr\/index.php\/spectacles\/jeune-public\/sous-menu-jp\/\",\"url\":\"http:\/\/melaniegerber.fr\/index.php\/spectacles\/jeune-public\/sous-menu-jp\/\",\"name\":\"Action culturelle : les ateliers - M\u00e9lanie Gerber\",\"isPartOf\":{\"@id\":\"http:\/\/melaniegerber.fr\/#website\"},\"datePublished\":\"2017-10-02T15:46:06+00:00\",\"dateModified\":\"2025-05-27T15:49:37+00:00\",\"breadcrumb\":{\"@id\":\"http:\/\/melaniegerber.fr\/index.php\/spectacles\/jeune-public\/sous-menu-jp\/#breadcrumb\"},\"inLanguage\":\"fr-FR\",\"potentialAction\":[{\"@type\":\"ReadAction\",\"target\":[\"http:\/\/melaniegerber.fr\/index.php\/spectacles\/jeune-public\/sous-menu-jp\/\"]}]},{\"@type\":\"BreadcrumbList\",\"@id\":\"http:\/\/melaniegerber.fr\/index.php\/spectacles\/jeune-public\/sous-menu-jp\/#breadcrumb\",\"itemListElement\":[{\"@type\":\"ListItem\",\"position\":1,\"name\":\"Accueil\",\"item\":\"http:\/\/melaniegerber.fr\/\"},{\"@type\":\"ListItem\",\"position\":2,\"name\":\"Spectacles\",\"item\":\"http:\/\/melaniegerber.fr\/index.php\/spectacles\/\"},{\"@type\":\"ListItem\",\"position\":3,\"name\":\"Jeune Public\",\"item\":\"http:\/\/melaniegerber.fr\/index.php\/spectacles\/jeune-public\/\"},{\"@type\":\"ListItem\",\"position\":4,\"name\":\"Action culturelle : les ateliers\"}]},{\"@type\":\"WebSite\",\"@id\":\"http:\/\/melaniegerber.fr\/#website\",\"url\":\"http:\/\/melaniegerber.fr\/\",\"name\":\"M\u00e9lanie Gerber\",\"description\":\"auteure compositrice interpr\u00e8te\",\"potentialAction\":[{\"@type\":\"SearchAction\",\"target\":{\"@type\":\"EntryPoint\",\"urlTemplate\":\"http:\/\/melaniegerber.fr\/?s={search_term_string}\"},\"query-input\":\"required name=search_term_string\"}],\"inLanguage\":\"fr-FR\"}]}<\/script>\n<!-- \/ Yoast SEO plugin. -->","yoast_head_json":{"title":"Action culturelle : les ateliers - M\u00e9lanie Gerber","robots":{"index":"index","follow":"follow","max-snippet":"max-snippet:-1","max-image-preview":"max-image-preview:large","max-video-preview":"max-video-preview:-1"},"canonical":"http:\/\/melaniegerber.fr\/index.php\/spectacles\/jeune-public\/sous-menu-jp\/","og_locale":"fr_FR","og_type":"article","og_title":"Action culturelle : les ateliers - M\u00e9lanie Gerber","og_description":"Restitution du projet f\u00e9d\u00e9rateur men\u00e9 avec 3 classes de l&rsquo;\u00e9cole Raymond Poincar\u00e9 et l&rsquo;Arche, Villerupt (54). 2024. Atelier de cr\u00e9ation musicale autour du spectacle \u00ab\u00a0Oiapok joue le Nuage Bleu de Tomi Ungerer\u00ab\u00a0. Atelier \u00ab\u00a0Nature et Sauvage\u00a0\u00bb. R\u00e9alis\u00e9 avec et par les enfants de l&rsquo;\u00e9cole Maurice Barr\u00e8s.Atelier de pr\u00e9paration au spectacle Coeur de S\u00e8ve (cr\u00e9ation 2021&hellip;","og_url":"http:\/\/melaniegerber.fr\/index.php\/spectacles\/jeune-public\/sous-menu-jp\/","og_site_name":"M\u00e9lanie Gerber","article_publisher":"https:\/\/www.facebook.com\/lelafrite\/","article_modified_time":"2025-05-27T15:49:37+00:00","twitter_card":"summary_large_image","twitter_misc":{"Dur\u00e9e de lecture estim\u00e9e":"1 minute"},"schema":{"@context":"https:\/\/schema.org","@graph":[{"@type":"WebPage","@id":"http:\/\/melaniegerber.fr\/index.php\/spectacles\/jeune-public\/sous-menu-jp\/","url":"http:\/\/melaniegerber.fr\/index.php\/spectacles\/jeune-public\/sous-menu-jp\/","name":"Action culturelle : les ateliers - M\u00e9lanie Gerber","isPartOf":{"@id":"http:\/\/melaniegerber.fr\/#website"},"datePublished":"2017-10-02T15:46:06+00:00","dateModified":"2025-05-27T15:49:37+00:00","breadcrumb":{"@id":"http:\/\/melaniegerber.fr\/index.php\/spectacles\/jeune-public\/sous-menu-jp\/#breadcrumb"},"inLanguage":"fr-FR","potentialAction":[{"@type":"ReadAction","target":["http:\/\/melaniegerber.fr\/index.php\/spectacles\/jeune-public\/sous-menu-jp\/"]}]},{"@type":"BreadcrumbList","@id":"http:\/\/melaniegerber.fr\/index.php\/spectacles\/jeune-public\/sous-menu-jp\/#breadcrumb","itemListElement":[{"@type":"ListItem","position":1,"name":"Accueil","item":"http:\/\/melaniegerber.fr\/"},{"@type":"ListItem","position":2,"name":"Spectacles","item":"http:\/\/melaniegerber.fr\/index.php\/spectacles\/"},{"@type":"ListItem","position":3,"name":"Jeune Public","item":"http:\/\/melaniegerber.fr\/index.php\/spectacles\/jeune-public\/"},{"@type":"ListItem","position":4,"name":"Action culturelle : les ateliers"}]},{"@type":"WebSite","@id":"http:\/\/melaniegerber.fr\/#website","url":"http:\/\/melaniegerber.fr\/","name":"M\u00e9lanie Gerber","description":"auteure compositrice interpr\u00e8te","potentialAction":[{"@type":"SearchAction","target":{"@type":"EntryPoint","urlTemplate":"http:\/\/melaniegerber.fr\/?s={search_term_string}"},"query-input":"required name=search_term_string"}],"inLanguage":"fr-FR"}]}},"_links":{"self":[{"href":"http:\/\/melaniegerber.fr\/index.php\/wp-json\/wp\/v2\/pages\/107","targetHints":{"allow":["GET"]}}],"collection":[{"href":"http:\/\/melaniegerber.fr\/index.php\/wp-json\/wp\/v2\/pages"}],"about":[{"href":"http:\/\/melaniegerber.fr\/index.php\/wp-json\/wp\/v2\/types\/page"}],"author":[{"embeddable":true,"href":"http:\/\/melaniegerber.fr\/index.php\/wp-json\/wp\/v2\/users\/1"}],"replies":[{"embeddable":true,"href":"http:\/\/melaniegerber.fr\/index.php\/wp-json\/wp\/v2\/comments?post=107"}],"version-history":[{"count":27,"href":"http:\/\/melaniegerber.fr\/index.php\/wp-json\/wp\/v2\/pages\/107\/revisions"}],"predecessor-version":[{"id":389,"href":"http:\/\/melaniegerber.fr\/index.php\/wp-json\/wp\/v2\/pages\/107\/revisions\/389"}],"up":[{"embeddable":true,"href":"http:\/\/melaniegerber.fr\/index.php\/wp-json\/wp\/v2\/pages\/78"}],"wp:attachment":[{"href":"http:\/\/melaniegerber.fr\/index.php\/wp-json\/wp\/v2\/media?parent=107"}],"curies":[{"name":"wp","href":"https:\/\/api.w.org\/{rel}","templated":true}]}}